{"id":147,"date":"2014-01-20T22:55:26","date_gmt":"2014-01-20T21:55:26","guid":{"rendered":"http:\/\/aehrenjaade-porz.de\/?page_id=147"},"modified":"2026-03-03T06:07:59","modified_gmt":"2026-03-03T05:07:59","slug":"unsere-aehrenjaahre","status":"publish","type":"page","link":"https:\/\/aehrenjaade-porz.de\/?page_id=147","title":{"rendered":"Unsere \u00c4hrenjaahre"},"content":{"rendered":"<h2><a href=\"http:\/\/www.aehrenjaade-porz.de\/index.php\/unsere-aehrenjahre-biografie\">BIOGRAPHIE der Auftritte<br \/><\/a><\/h2>\n<h1><span style=\"color: #339966;\"><strong>Kurzinfo zur Entwicklung <\/strong><\/span><\/h1>\n<h1><span style=\"color: #339966;\"><strong>der <\/strong><strong>\u00c4hrenjaade Porz<\/strong><\/span><\/h1>\n<p>Es hat ein bisschen gedauert, bis wir uns gefunden haben und das sind, was wir jetzt darstellen \u2013 die \u00c4hrenjaade Porz!<br \/>Zun\u00e4chst als kleine parodistische Tanzeinlage f\u00fcr die KaDi, dann als gestandene \u201eHerren-Formation\u201c in umdekorierten Hausmeisterkitteln \u2013 stets unser jeckes Publikum im Visier und wissend, dass echte M\u00e4dels \u201edas Besondere m\u00f6gen\u201c und auch vor Jungs im Feinripp \u201anit fies\u2018 sind.<\/p>\n<p>So galt unsere Auswahl an Tanz- und Musikst\u00fccken von je her unserem Anspruch, uns \u201ePapas aus Urbach\u201c mit einer geh\u00f6rigen Portion Selbstparodie dem jecken KaDi-Publikum zu pr\u00e4sentieren, und jedem einzelnen Funken seine pers\u00f6nliche Traute und Eitelkeit zur Mitwirkung an den Sessions-Auftritten zuzulassen.<br \/>Das Ergebnis ist, von einigen wenigen \u201eLern-Episoden\u201c abgesehen, dann doch ziemlich zufriedenstellend \u2013 so zumindest gemessen an der Zustimmung und dem Beifall der Jecken in Porz, die uns erlebt haben.<br \/>Das macht Mut und l\u00e4sst hoffen \u2013 Danke!<\/p>\n<h4><strong>Hier unser Werdegang:<\/strong><\/h4>\n<h4>\u00a0<\/h4>\n<h4><strong>2005<\/strong><\/h4>\n<p>Erster Auftritt als <strong>\u201e7 Zwerge\u201c<\/strong> auf der 4. KaDi-Karnevalsdisko im alten Heinrich-Lob-Haus, Kupfergasse Porz-Urbach.<br \/>Zwergenmarsch und Aerobic-T\u00e4nzchen im Ringelstrampler und mit Bart und M\u00fctze als spa\u00dfige Programm-Einlage auf der Disko.<\/p>\n<p>Tanz: <strong>\u201eLatin America\u201c<\/strong> (Gibson Brothers), Choreografie: Almut (die Tapfere, hat\u2019s mit uns ziemlich gut ausgehalten)<\/p>\n<h4><strong>2006<\/strong><\/h4>\n<p>Als <strong>\u201eDie gro\u00dfen Feiglinge\u201c <\/strong>Auftritt auf der 5. KaDi im Sch\u00fctzenheim Urbach: 8 cool-feurige Trenchcoat-Detektive mit kleinem Strip auf <strong>\u201eYou Can Leave Your Head On\u201c<\/strong> (Joe Cocker) und bauchfreien <strong>\u201eStayin\u2018 Alive\u201c<\/strong>-Tanz im Travolta-Look (Bee Gees).<\/p>\n<p>(Eigenchoreografie mit \u2019ner Menge Proben und Bier)<\/p>\n<h4><strong>2007<\/strong><\/h4>\n<p><strong>\u201eThe Dreamers\u201c<\/strong>, 11 Kerle in gewagtem Cheerleader-Outfit: Mit Leggins, Tanga, bauchfrei, BH, Per\u00fccke und Puscheln \u2013 zum Rhythmus einer Polka und Potpourri k\u00f6lscher Schlager.<\/p>\n<p>T\u00e4nze: Mix aus <strong>\u201eViva Colonia\u201c<\/strong> (H\u00f6hner), <strong>\u201eMer bruche Keiner\u201c<\/strong> und <strong>\u201eRut un Wie\u00df\u201c<\/strong> (Bl\u00e4ck F\u00f6\u00f6ss), <strong>\u201eDrie\u00df op d\u00e4 Dress\u201c<\/strong> (Paveier ).<\/p>\n<p>Zugabe mit <strong>\u201eMiss Waikiki\u201c<\/strong> (Bully &amp; Co.)<\/p>\n<p>Auftritte bei: KaDi #6, MGV Urbach, Altenzentrum Urbach, Aegidium Wahn<\/p>\n<p>p.s.: MGV Urbach: Mit unserer Performance auf der nicht vorhandenen B\u00fchne (KSTA: \u201eJeckes Gerangel\u201c) und hinterher an der Theke haben wir uns dann leider <em>f\u00fcr alle Zeiten<\/em> den Zugang zum vorherrschenden Urbacher Publikum (nebst hervorragender KaDi-Fangemeinde) verbaut. Auch nach unserer L\u00e4uterung als \u201ebrave Funken\u201c ist unser Begehren auf einen vers\u00f6hnlichen Auftritt auf der KFD-Sitzung im Porzer Rathaus leider bisher erfolglos.<br \/>So ist es halt auch uns ergangen: \u201eWir waren jung \u2026 und wir brauchten das Bier\u201c \ud83d\ude09<\/p>\n<p>Update 2015: Endlich! Wir sind zur KFD-M\u00e4dchensitzung am 03.02.2015 eingeladen!<\/p>\n<p><strong>\u00a0<\/strong><\/p>\n<h4><strong>2008<\/strong><\/h4>\n<p>Erstmals 12-Mann-Gruppe im Funkenformat als <strong>\u201e\u00c4hrenjaade Porz vun 2008\u201c<\/strong><\/p>\n<p>Selbst choreografierter Funkenmarsch <strong>\u201eAlle Mann\u201c<\/strong> (Brings), 2 kleine Gruppent\u00e4nze als Blues-Brothers mit <strong>\u201eEverybody Loves Somebody\u201c<\/strong> und als Kosaken auf <strong>\u201eMoskau\u201c<\/strong> (Dschingis Khan)<\/p>\n<p>Auftritte: Aegidium Wahn, KaDi Nr. 7, Altenzentrum Urbach. Tanzeinlage als Publikum auf dem Porzer Zug.<\/p>\n<h4><strong>2009<\/strong><\/h4>\n<p>mit 13 Mann: HipHop auf <strong>\u201eMister Boombastic\u201c<\/strong> (Shaggy) und <strong>Cs\u00e1rdas<\/strong>-Tanz.<\/p>\n<p>Auftritte: M\u00e4dchensitzung Urbacher R\u00e4uber, KaDi Nr. 8, Aegidium Wahn, Altenzentrum Urbach.<br \/>Erste Teilnahme als 40k\u00f6pfige Fu\u00dfgruppe mit Familie und Freunden im Porzer Zug. <br \/>3.Preis im Kost\u00fcmwettbewerb des FAS Porz.<\/p>\n<h4><strong>2010<\/strong><\/h4>\n<p>Michael-\u201aJeckson\u2019 Variation unseres Funkentanz (<strong>\u201eBeat It\u201c, \u201eBad\u201c<\/strong>) \u2013 und <strong>\u201eYMCA\u201c<\/strong> (Village People), Cs\u00e1rdas.<br \/>Auftritte: KaDi Nr. 9, Aegidium Wahn, Altenzentrum Urbach.<\/p>\n<h4><strong>2011<\/strong><\/h4>\n<p>mit 15 Mann: <strong>\u201eIt\u2019s Raining Men\u201c<\/strong> (Weather Girls), <strong>\u201eSchenk mir Dein Herz\u201c<\/strong>-Singspiel (H\u00f6hner) und Cs\u00e1rdas.<br \/>Auftritte: Jubil\u00e4ums-KaDi Nr. 10 im Sch\u00fctzenheim Grengel, Aegidium Wahn,<br \/>Altenzentrum Urbach. Unser M\u00e4dels-KaDi-Dreigestirn Gabi, Brigitte und Sandra \u00fcberreichen den Funken zum Jubil\u00e4um \u00c4hrenjaade-Strickschals \u2013 Danke!<br \/>Teilnahme als fast 50-k\u00f6pfige Fu\u00dfgruppe mit Familie und Freunden im Porzer Zug.<\/p>\n<h4><strong>2012<\/strong><\/h4>\n<p>mit 12 Mann: \u201eGro\u00dfes Kino\u201c als Pioniere im Flossentanzen auf <strong>\u201eSurfin\u2019 USA\u201c<\/strong> (Beach Boys), und mit dem innovativen Ballett-Klassiker <strong>\u201eSwan meets Titanic\u201c<\/strong> mit einem Musik-Mix aus <strong>\u201cMy Heart will go on\u201d<\/strong> (Celine Dion), <strong>\u201cS.O.S.\u201d<\/strong> (ABBA) und <strong>\u201cWunderbar\u201d<\/strong> (De R\u00e4uber). Intro <strong>\u201eBiscaya\u201c<\/strong> (James Last)<\/p>\n<p>Nat\u00fcrlich auch wieder mit unserem Funkentanz <strong>\u201eAlle Mann\u201c<\/strong>.<\/p>\n<p>Auftritte: Aegidium Wahn und Altenzentrum Urbach.<br \/>Leider Ausfall der \u201eKaDi #11\u201c<\/p>\n<h4><strong>2013<\/strong><\/h4>\n<p>mit 13 Mann in 2013 \u2013 und keine Spur abergl\u00e4ubig!<br \/>Erste <strong>Funkedanz Kost\u00fcm-Party der \u00c4hrenjaade,<\/strong> Friedenskirche.<br \/><strong>\u201eStayin\u2018 Alive\u201c<\/strong> und erstmals mit einem Publikums-<em>\u201eFl\u00e4schMopp\u201c<\/em> auf Madcons \u2013 <strong>\u201eGlow\u201c<\/strong>. Der bew\u00e4hrte Funkedanz <strong>\u201eAlle Mann\u201c<\/strong> und auch mal als 2. Zugabe den locker-flockig-zackigen 41-Sekunden <strong>Cz\u00e1rdas<\/strong>.<\/p>\n<p>Auftritte: Familiensitzung H\u00f6henberg, Funkedanz, Aegidium Wahn und Altenzentrum Urbach.<\/p>\n<p>Teilnahme am Poorzer Zoch als Fu\u00dfgruppe mit ca. 40 Personen.<br \/>Und doch Pech f\u00fcr Manuel (Achillessehnenabriss 1 Tag vorm Funkedanz). Daf\u00fcr Aufmarsch der \u00c4hrenjaade im Porzer Krankenhaus.<\/p>\n<p><strong>Sommer-Special:<\/strong> \u00c4hrenjaade auf Inlinern und Rollerskates mit dem 3-Akte-Musical <strong>\u201eStarlight Express\u201c<\/strong> (F\u00e4tty und Christina als Stellwerks-Leiter auf unseren paarweisen Zugrennen)<\/p>\n<h4><strong>2014<\/strong><\/h4>\n<p>13+1 ! Der <strong>erste \u201eNachwuchs\u201c<\/strong> mit dabei: Albert junior.<br \/>Funkedanz #2 in der Friedenskirche. <br \/>Sessionst\u00e4nze: Richtiges M\u00e4nnerballett (em T\u00fct\u00fc) mit <strong>Schwanensee<\/strong> und <strong>\u201eSu lang mer noch am L\u00e4\u00e4ve sin\u201c<\/strong> (Brings). Kontrastprogramm mit den BlueOysterBar-Rockern und unserem <strong>\u201eMer sin de \u00c4hrenjaade\u201c<\/strong> (frei nach <strong>Celebration<\/strong> \u2013 Kool and the Gang).\u00a0 Can-Can Zugabe im Rocker-Ballett-Mix mit <strong>\u201eMan m\u00fcsste noch mal 20 sein\u201c<\/strong> (Brings). <br \/>Wie immer &#8211; aber immer besser: Unser Funkedanz <strong>\u201eAlle Mann\u201c<\/strong><\/p>\n<p>Auftritte: Funkedanz #2, KfD Wahnheide, Aegidium Wahn und Altenzentrum Urbach.<\/p>\n<h4><strong>2015<\/strong><\/h4>\n<p>14 Mann und Funkedanz #3 in der Friedenskirche. <br \/><strong>Profi-Training mit Ute Pfeiffer<\/strong> zum Sessionstanz <strong>\u201eSt\u00e4\u00e4nefleejer\u201c<\/strong> (Kasalla), unser Funkedanz <strong>\u201eAlle Mann\u201c<\/strong> und in neuer Choreografie <strong>\u201eYMCA\u201c.<br \/><\/strong>Zwischenspiel:<strong> Kr\u00e4zje \u201eWenn man(n) so sch\u00f6n is, wie mer zwei\u201c <\/strong>mit<strong> Albert sen. <\/strong>und<strong> Manfred, <\/strong>begleitet von Stephan an d\u2019r Flitsch (Ukulele)<strong>.<br \/><\/strong>Zweite Zugabe immer wieder gerne au\u00dfer-Puste:<strong> Cz\u00e1rdas \u00a0<\/strong><\/p>\n<p>Auftritte: KG Rot-Weiss M\u00e4dchensitzung im Eltzhof Wahn, Rathaus Porz Damensitzung der KFD Urbach\/Elsdorf, 3. Funkedanz-Kost\u00fcmparty, aegidium Porz-Wahn zum N\u00e4rrischen Fr\u00fchschoppen, Altenzentrum Urbach Karnevalsparty.<\/p>\n<p><strong>Sommer-Special:<\/strong> Seifenkisten-Rennen in Elsdorf <br \/>2.Platz in der Fun-Klasse, Kommandant Stephan im Funkefrack in unserer <strong>eigenen \u00c4hrenjaade-Seifenkiste<\/strong>.<\/p>\n<h4><strong>2016<\/strong><\/h4>\n<p>15 Mann (neu dabei J\u00f6rg) und gr\u00f6\u00dferer Funkedanz #4 im Sch\u00fctzenheim Urbach.<br \/>Dieses Jahr dann endlich mit <em>\u201ade Holzklompen\u2018<\/em>, die jeder selbst schwarz lackiert und verziert hat, zum Sessionst\u00e4nzchen <strong>\u201eB\u00fctz mich\u201c<\/strong> (Paveier). Dazu noch immer variantenreich unser Funkedanz <strong>\u201eAlle Mann\u201c<\/strong> und als Zugabe Vorjahres-Tanz <strong>\u201eSt\u00e4\u00e4nefleejer\u201c<\/strong>.<\/p>\n<p>Zugteilnahme Wahn (Samstagszug, erstmals als Begleitung f\u00fcr Altenzentrum Urbach mit Senioren Rollstuhl-\/Fu\u00dfgruppe) und dann<br \/>Sonntags Porzer Zoch wieder mit \u00fcber 50 Personen Fu\u00dfgruppe und Bagagewagen.<\/p>\n<p>Auftritte: L\u00f6stige Langeler KG Rut-Wie\u00df (zum Sessionsauftrakt 14.11.2015), KfD Wahnheide im aegidium, MGV-Urbach (!!!), aegidium Wahn, Altenzentrum Urbach.<\/p>\n<h4><strong>2017<\/strong><\/h4>\n<p>14 Mann und Funkedanz #5 wieder im Sch\u00fctzenheim Urbach.<br \/>Sessionstanz <strong>\u201eLeev Marie\u201c<\/strong> (Paveier) mit choreografischer Unterst\u00fctzung von Julia. <br \/>Zwischenspiel:<strong> Kr\u00e4zje \u201eDie Drei vun d\u2019r Eierquell\u201c <\/strong>mit <strong>F\u00e4tty, J\u00fcrgen und Stephan.<br \/><\/strong>Funkedanz <strong>\u201eAlle Mann\u201c<\/strong> und Zugaben <strong>\u201eB\u00fctz mich\u201c<\/strong> oder\/und <strong>Cz\u00e1rdas<\/strong>.<\/p>\n<p>Zugteilnahme in Wahn als Begleitung f\u00fcr Seniorengruppe des AZ Urbach.<\/p>\n<p>Auftritte: KfD Wahnheide, Rathaus Porz Seniorensitzung#2, Funkedanz #5, Pfarrsitzung L\u00fclsdorf, agidium Wahn, Altenzentrum Urbach<\/p>\n<p><strong>Sommer-Special (5.Sept.):<\/strong> \u00c4hrenjaade Mauri-Wasserballett auf J\u00f6rgs 50tem im ziiiiemlich kalten Garten-Pool.<br \/>Musik-Mix aus <strong>\u201cMy Heart will go on\u201d<\/strong> (Celine Dion), <strong>\u201eWhat goes up\u201c<\/strong> (Alan Parsons) und <strong>\u201eLift Off!\u201c<\/strong> (W&amp;W).<\/p>\n<p><strong>Highlight Winter 2017: \u00c4hrenjaade im Elferrat der Stunksitzung<\/strong> am 28.12.2017.<\/p>\n<h4><strong>2018<\/strong><\/h4>\n<p>16 Mann! <strong>Nochmals Nachwuchs<\/strong> aus den eigenen Reihen \u201emit vom Andreas seine Jungs\u201c Maximilian und Marcell.<br \/><strong>Zum zehnten Jubil\u00e4um<\/strong> haben wir uns einen neuen Funkedanz einfallen lassen, denn der alte wurde fast perfekt. Aber perfekt sein, so bedeutete uns das Karnevals-Orakel, w\u00fcrde der Zeitpunkt sein, an dem wir auseinander gehen m\u00fcssen \u2013 dat jeit nit! Also musste ein neuer Tanz geprobt werden!<br \/>Funkedanz 2.0 also mit Mix aus <strong>\u201eLoss\u2018 Mer Danze\u201c<\/strong> (Brings) und <strong>\u201eStonn Op Un Danz\u201c<\/strong> (Querbeat).<br \/>Und durch die zwei neuen Funken stark verj\u00fcngt, wagten wir uns mit Julia choreografisch auf Boy-Group-Niveau \ud83d\ude09 mit dem Sessionslied <strong>\u201eLecker Lecker\u201c<\/strong> (Kasalla) und <strong>\u201eEverybody\u201c<\/strong> (Backstreet Boys).<br \/>Zugabe <strong>\u201eLeev Marie\u201c<\/strong>.<\/p>\n<p>Bl\u00e4ck F\u00f6\u00f6ss Kr\u00e4zje \u201e<strong>Die Profis vun d\u2019r Eierquell<\/strong>\u201e, vorgetragen von J\u00fcrgen, Klaus \u201eF\u00e4tty\u201c und Stephan.<\/p>\n<p>Teilnahme und schon Tradition: Begleitung Senioren-Gruppe auf dem Wahner Zoch.<br \/>Und dieses Jahr auch wieder als Fu\u00dfgruppe \u201e\u00c4hrenjaade un Fr\u00fcnde\u201c auf dem Porzer Sonntags-Zoch unterwegs.<\/p>\n<p>Auftritte: L\u00f6stige Langeler KG Rut-Wie\u00df, Rathaus Porz Seniorensitzung#2, MGV-Urbach, Funkedanz #6, Pfarrsitzung L\u00fclsdorf, aegidium Wahn, Altenzentrum Urbach.<\/p>\n<h4><strong>2019<\/strong><\/h4>\n<p>So, das Jahr 2019 startet mit langer Session im Zeichen unseres <strong>jecken Jubil\u00e4ums \u2013 11 Jahre \u00c4hrenjaade!<\/strong><br \/>Funkedanz #7 ist angesagt und <strong>gemeinsames Feiern in der \u201aLachenden K\u00f6lnarena\u2018 mit 16 Funken und \u201aJeschrebbels\u2018<\/strong>.<br \/>Sessionstanz spezial mit <strong>Diane Buschmann<\/strong>, Trainerin des 20 M\u00e4dchen starken Showtanz-Corps der Gro\u00dfen Porzer KG Rot-Wei\u00df von 1926 e.V.<br \/>Diane wollte endlich mal eine M\u00e4nnergruppe trainieren\u2026 hat sie dann mit uns viel Spa\u00df gehabt \u2013 und wir mit Ihr.<br \/>Flotte Tanz mit Hebefiguren auf <strong>Samba Em Veedel<\/strong> (Bl\u00e4ck F\u00f6\u00f6ss) und Safri Duo\u2019s <strong>Played-A-Live (The Bongo Song)<\/strong>. Funkedanz 2.0 vorneweg. Zugabe Vorjahres-Sessionstanz <strong>Lecker-Lecker<\/strong>. Wenn Gelegenheit, dann auch noch einmal das Bl\u00e4ck F\u00f6\u00f6ss Kr\u00e4zje \u201e<strong>Die Profis vun d\u2019r Eierquell<\/strong>\u201c (nicht die \u201eDrei von der Tankstelle\u201c!!!), vorgetragen von J\u00fcrgen, Klaus \u201eF\u00e4tty\u201c und Stephan.<\/p>\n<p>Auftritte: 6.2. Rathaus Porz Seniorensitzung #2, 19.2. KFD Wahnheide im aegidium Wahn, 20.2. MGV Urbach, 22.2. Funkedanz Sch\u00fctzenheim Urbach, 24.2. \u201eN\u00e4rrische Fr\u00fchschoppen\u201c aegidium Wahn, 25.2. AZ Urbach.<\/p>\n<h4><strong>2020<\/strong><\/h4>\n<p>Hinein in die 20er! Verst\u00e4rkt mit Stephans Sohnemann Lukas sind wir nun mit 17 Mann in unseren jecken Veedel Porz und Umland unterwegs.<br \/>Mit Diane, unserer tapferen Trainerin, versuchen wir uns an historischem Paartanz als \u201eH\u00e4nneschen un B\u00e4rbelchen\u201c und einem <strong>Potpourri alter Karnevalsschlager von Ostermann &amp; Co. <\/strong>und nat\u00fcrlich unsere Funkedanz und als Zugabe der Vorjahres-Tanz <strong>Samba Em Veedel.<br \/><\/strong>Dieses Jahr auch wieder ein Mitmach-Lied f\u00fcrs Publikum: \u201e<strong>Tanz, Boogie Wonderland<\/strong>\u201c (<strong>Earth,Wind&amp;Fire<\/strong>, in der Tanzschul-Version von <strong>K\u00f6bes Underground<\/strong>). Begleitet von Pepes, J\u00f6rgs und Stephans Karaoke-Gesang haben wir mit 5 Disko-Tanzfiguren den Jecken kr\u00e4ftig eingeheizt.<\/p>\n<p>Auftritte: <br \/>09.11.2019 Auftritt bei KKG Blau-Wei\u00df im Residenz am Dom zur Sessionser\u00f6ffnung.<br \/>05.2.2020 Bezirksrathaus Porz Seniorensitzung#2, am 11.2. KFD Wahnheide im aegidium Wahn, <br \/>14.2. Funkedanz #8 im Sch\u00fctzenheim Urbach mit <strong>Gastauftritt &#8222;StadtRand&#8220;<\/strong>, <br \/>15.2. M\u00e4dchensitzung Ortsring Porz-Langel, 15.2. Pfarrsitzung L\u00fclsdorf, 16.2. \u201eN\u00e4rrische Fr\u00fchschoppen\u201c aegidium Wahn, 17.2. AZ Urbach.<\/p>\n<p>2020 Teilnahme Samstag 22.2. am Wahner Zoch wieder als Begleitung der Senioren-Gruppe des AZ Urbach, und als 39-k\u00f6pfige Fu\u00dfgruppe (Gruppe #55) auf dem Porzer Sonntags-Zoch bei nur knapp st\u00fcrmischen Wetter. In K\u00f6ln und Umgebung wurden leider viele Umz\u00fcge, so die Schull- un Veedelsz\u00f6ch, wegen Sturmgefahr abgesagt.<\/p>\n<p><u>Highlight #1:<\/u> 05.02. <strong>Schie\u00dfwettbewerb \u201eBrauchtum trifft Brauchtum\u201c<\/strong> <br \/>bei den Urbacher Sch\u00fctzen mit Vereinen des Porzer FAS und weiteren Gruppen. Zum Feiern nach unserem Rathaus-Auftritt ins Sch\u00fctzenheim einmarschiert, entschieden sich spontan ein paar Funke, am Wettkampf teilzunehmen. <br \/>Team2 (J\u00fcrgen, Claus und Klaus) landeten mit 133,5 Ringen auf Platz 18. &#8211;\u00a0 aber\u2026 <br \/>Team1 (F\u00e4tty, Lukas und Maxi) mit 144,2 Ringen sogar auf <strong>PLATZ #1<\/strong> !!! <br \/>Echt \u00fcberraschend, was unser Tanztraining mit den Knab\u00fcs f\u00fcr eine Wirkung hat \ud83d\ude42<\/p>\n<p>\u2026 mal sehen was 2020 noch kommt!?<\/p>\n<p>Sch\u00f6ne Aussichten!<br \/>Wir begr\u00fc\u00dfen den Neuzugang von weiterem Funken-Nachwuchs in der neuen Session: Peter als unseren ersten &#8222;Regiments-Koch&#8220; und Henry.<\/p>\n<h4>\u00a0<\/h4>\n<h4><strong>2021<\/strong><\/h4>\n<p>Ohjaaa &#8211; CORONA !!! <br \/>Die Aussichten 2020 und 2021 waren bekanntlich eher d\u00fcster: CORONA hatte die Welt aus der Spur geworfen.<br \/>Auf Abstand, mit Masken, in Lockdowns, Homeoffice und mit unz\u00e4hligen Hygieneregeln haben wir mit den Porzer Jeckinnen und Jecken gehofft und gebangt, alle bald wieder gesund und munter &#8218;Fastelovend fiere zo k\u00fcnne&#8216; &#8211; Pustekuchen!<br \/>2021 als kleines Trostpflaster f\u00fcr die verlorenen Session dann mit einer 5-Minuten-Videoproduktion Teilnahme an einer Video-Challenge der Br\u00fccker &#8218;Funken Feinripp Blau-Weiss von 2002 e.V.&#8216;.<br \/>Mit Tanz-Clips zu je 2-3 Funken an verschiedenen Porzer Lokalit\u00e4ten zu unserem traditionellen Einmarsch-Lied &#8218;Mer kumme met alle Mann vorbei &#8211; Festpiraten&#8216; (H\u00f6hner) haben wir einen der Siegerpreise gewonnen (Freikarten f\u00fcr Funkenbiwak Br\u00fccker Feinripp).<br \/>Den<strong> Videoclip &#8218;\u00c4hrenjaade 2021&#8216;<\/strong> findet ihr in YOUTUBE.de (suche &#8222;\u00c4hrenjaade Porz&#8220;)<\/p>\n<h4><strong>2022<\/strong><\/h4>\n<p>Ohjeee &#8211; noch weiter CORONA !!!<br \/>Noch mutig im Herbst 2021 den 2G-Funkedanz f\u00fcr 2022 geplant, hat alles nicht sein d\u00fcrfen. Pandemieregeln und Lockdown haben fast alles unm\u00f6glich gemacht &#8211; FAST!<br \/>Aber im AZ Urbach fand doch eine kleine Seniorensitzung statt, auf der dann unsere fittesten 14 Mann einen Auftritt wagten, mit allem Aufwand an Hygienema\u00dfnahmen und Tests.<br \/>Allerdings ohne das f\u00fcr 2022 geplante neue Sessionslied (Proben-Abbruch im Herbst 2021) aber unserem <strong>Funkedanz2.0<\/strong> und die l\u00f6stigen zwei Kr\u00e4tzche von <strong>&#8222;Mir zwei&#8220;<\/strong> und <strong>&#8222;Die Profis von d&#8217;r Eierquell&#8220;<\/strong>.<br \/>Kurz vor Jahresende 2022 han mer dann fast den Start in die neue Session 2022\/2023 verbummelt und mit Diane fleissig den neuen Sessionstanz zuende geprobt.\u00a0<\/p>\n<h4><strong>2023<\/strong><\/h4>\n<p>Grengeler Wibbelheim Alaaf!<br \/>In 2023 haben wir den Funkedanz #9 klein und fein mit knapp 200 Jecken im Grengeler Vereinsheim der Wahner Wibbelstetze e.V. (nach-)gefeiert. So konnten wir nach Jahren erstmals wieder auf der eigenen Party mit unseren T\u00e4nzen Premiere feiern: <strong>M\u00e4nnerstrip em Waschsalon (Col\u00f6r)<\/strong> in gemischter Funken- und B\u00e4rbelchen-Formation. Als Zugaben dann <strong>B\u00fctz mich (Paveier)<\/strong> und den <strong>41-Sekunden Czardas.<br \/><\/strong><br \/>Drei Funken waren die Session leider ausgefallen: 1x Bau (=Hausbau), 1x Schweiz (Job) und 1x Australien (Studium) &#8211; Wir hoffen, die n\u00e4chste Session unsere 20 Mann wieder zusammen zu haben!<\/p>\n<p>Auftritte und Termine:\u00a0 <br \/>25.1. FAS-Schie\u00dfen Sch\u00fctzenheim Urbach (Titelverteidigung 2019 leider nicht gelungen),<br \/>3.2. FUNKEDANZ #9 im Grengel, <strong>Gastauftritt der Rather &#8222;Blos&#8216; Mer Jet (&amp; Bums Kapell)&#8220;.<\/strong><br \/>4.2. Tanzauftritt bei den &#8222;Hellige Kn\u00e4\u00e4chte und M\u00e4gde&#8216; em H\u00f6hnerhoff Malzm\u00fchle Altstadt K\u00f6ln.<br \/>7.2. KFD Wahnheide aegidium Wahn, 8.2. MGV im Heinrich-Lob-Haus Urbach, <br \/>12.2. Sitzung der KKG Blau-Weiss im Residenz-am-Dom, 13.2. Seniorensitzung im AZ Urbach<br \/>18.2. Begleitung der Rollstuhlgruppe des AZ Urbach auf Wahner Zoch, abends Besuch des Funken-Biwak bei den Br\u00fccker Funken Feinripp Blau-Weiss (Einl\u00f6sen Gewinn Freikarten 2021).<br \/>19.2. Porzer Zoch als Fu\u00dfgruppe #43 mit Bagagewagen und 40 Funken und Jeschrebbels.<\/p>\n<p>Na, das sieht doch &#8218;widder normal jeck uss!&#8216;<\/p>\n<div class=\"entry-content cf\">\n<p><strong>@aehrenjaade auf instagram<br \/><\/strong>F\u00fcr alle, die uns Feinripp-Funken der \u00c4hrenjaade auch im H\u00e4ndy-Format erleben wollen, <br \/>gibt\u2019s uns auf instagram mit kleinen Videoschnipseln, etwas Mucke, mehr Fotos und weniger Text<br \/>\u2026und viel bling bling <img decoding=\"async\" class=\"emoji\" role=\"img\" draggable=\"false\" src=\"https:\/\/s.w.org\/images\/core\/emoji\/15.0.3\/svg\/1f609.svg\" alt=\"\ud83d\ude09\" \/><br \/><strong>@aehrenjaade<\/strong><\/p>\n<\/div>\n<h4><strong>2024<\/strong><\/h4>\n<p>Wo mer sin is ALAAF &#8211; &#8230;un Driess op d\u00e4 Dress!<br \/>Session kurz aber flott: <strong>2.2. FUNKEDANZ im Grengeler Wibbelheim mit KiNG LOUi<\/strong>.<br \/>Auftritte 30.1. kfd im aegidium Wahn, 31.1. Seniorensitzung Rathaus Porz, 5.2. AZ Urbach.<br \/>Sessionstanz: &#8222;<strong>Driess Op d\u00e4 Dress&#8220; (Paveier)<\/strong>, Zugaben: Stayin&#8217;Alive (BeeGees) und eventuell auch Cz\u00e1rdas :-).<br \/>Wahner Zug als Eskorte f\u00fcr Rollstuhlgruppe AZ Urbach. Den Porzer Zoch am Sonntag bejubeln wir dieses Jahr vom Stra\u00dfenrand (ca. Hauptstra\u00dfe 329).<\/p>\n<p>Neuzugang #20: Igor &#8211; Willkommen in der \u00c4hrenjaade.\u00a0 <br \/>In Lauerstellung f\u00fcr 2024\/2025 als #21: Michi &#8230;<\/p>\n<h4><strong>2025<\/strong><\/h4>\n<p><strong>&#8222;50 Johr zesamme schunkele . nur mit uns kann K\u00f6lle funkele&#8220;<\/strong><br \/>Mit diesem Sessionsmotto zur 50j\u00e4hrigen Jubil\u00e4um der Eingemeindung der Stadt Porz nach K\u00f6ln schunkeln wir uns ins 18. \u00c4hrenjaahr\u2026<br \/>jetzt mit 3&#215;7 Funken oder 17+4\u00a0 \u00a0&#8211;\u00a0 \u00a0also reichlich Feinripp f\u00fcr abwechslungsreiche Auftritte und Tanz-Performance!<br \/>Auch wenn die ersten drei Funken Manfred, Albert und Josef ihren 70. Jebootsdaach gefeiert haben &#8211; wir machen noch keine Senioren-Sitztanzgruppe auf, und erst recht noch keine Altersabteilung mit Pl\u00fcschkissen!<br \/>F\u00fchrt uns unser 2025er Sessionstanz musikalisch auch <strong>&#8222;Alle Mann en et Hallebad&#8220; (Paveier 1997)<\/strong>, so tanzen und tummeln wir uns allerliebst in Hallen und S\u00e4len im karnevalistischen Porz:<br \/>29.01. Seniorensitzung Rathaus Porz, 18.02. kfd aegidium Wahn, 21.2. FUNKEDANZ im Grengeler Wibbelheim mit <strong>SCHARM\u00d6\u00d6R und Hellige Kn\u00e4\u00e4chte un M\u00e4gde<\/strong>. Am 24.2. im AZ Urbach und erstmals auch bei der kfd Finkenberg im OT Ohmstra\u00dfe &#8211; toll!!!\u00a0<br \/>Schlie\u00dflich haben wir am 27.2. auf Weiberfastnacht in der K\u00f6lner Altstadt bei der Sitzung der K\u00f6lnischen Rundschau im Redaktionsgeb\u00e4ude einen fetzigen Auftritt pr\u00e4sentiert.\u00a0<\/p>\n<p>Playset: Einmarsch wie immer mit &#8222;<strong>Mer kumme met alle Mann vorbei<\/strong>&#8220; (H\u00f6hner), <strong>Funkedanz 1.0 &#8222;AlleMann&#8220;<\/strong> (Brings, hier wieder unser Original Funkedanz von 2008 mit neuer Abschlussvariation), Sessionstanz <strong>&#8222;Alle Mann en et Hallebad&#8220;<\/strong> (Paveier), Zugabe #1 Vorjahrestanz <strong>&#8222;Driess Op d\u00e4 Dress&#8220;<\/strong> (Paveier), Zugabe #2 mit den l\u00e4ngsten 41 Sekunden Tanzdauer: Czard\u00e1s <strong>&#8222;Sulang De Botz Noch H\u00e4lt&#8220;<\/strong> (R\u00e4uber).<\/p>\n<p>Zu guter Letzt han mer auf dem Samstagszug in Wahn wieder als Eskorte die Rollstuhlgruppe des AZ Urbach unterst\u00fctzt und waren auf dem Porzer Rosensonntags-Zoch ziemlich weit vorne als Gruppe #8, mit fast 50k\u00f6pfiger Fu\u00dfgruppe, mit Bagagewagen und Musik, met vill Kamelle, Str\u00fc\u00dfjer un Spass &#8211; ALAAF !!!\u00a0<\/p>\n<h4><strong>2026<\/strong><\/h4>\n<p><strong>\u201eWenn mer danze, jeiht et rund \u2013 uns Fasteleer es kunterbunt\u201c \u2013 Ol\u00e9! &#8222;<br \/><\/strong>&#8222;Wenn mer K\u00f6lsche op Mallorca Urlaub mache&#8230;.&#8220; ja das war dieses Jahr unser Sessionslied (<strong>La Paloma von de Bl\u00e4ck F\u00f6\u00f6ss, 1998<\/strong>).<br \/>Zwar hat es unsere M\u00e4nnerballett-Clique nicht viel weiter als nach Dollendorf zum Campen in de Eifel jeschafft &#8211; aber wir arbeiten dran, irgendwann mit unseren &#8222;Jeschrebbels-Weibern&#8220; (k\u00f6lsch = Damenanhang) eine v\u00fcrnehme Lustfahrt nach Irgendwosch\u00f6n zu machen &#8211; vielleicht Pariss oder Sylt !?!?!?<\/p>\n<p>Dieses Jahr hatten wir nach 11 Trainingswochen unseren Sessionstanz &#8222;La Paloma&#8220;, gecoacht von Jule, ziemlich gut einstudiert &#8211; und den ersten Auftritt exaktemeng im Porzer Rathaus op de <strong>Seniorensitzung am Mittwoch 28.01.2026<\/strong> vor vollem Saal und auf gro\u00dfer B\u00fchne. War schon sch\u00f6n!<\/p>\n<p>Dann am Dienstagabend, 03.02.2026 bei der <strong>KFD Wahnheide im Aegidium Wahn<\/strong> &#8211; Klein, fein und herzlich, dieser Auftritt bei den M\u00e4dels us dem Veedel &#8211; &#8218;die einige von uns och Sundaachs in d&#8217;r Mess antreffe dunn&#8216;.<br \/>Freitag , 06.02.2026 unser 12.<strong> FUNKEDANZ 2026<\/strong> wieder ein fr\u00f6hliches Wiedersehen im Wibbelheim mit vielen (alt)bekannten Gesichtern.<br \/>Der Auftritt der letzen Sommer im Eltzhof \u00a0&#8222;\u00dcverm Horizont&#8220; f\u00fcr uns entdeckte (Newcomer-)<strong>Band &#8222;ALUIS&#8220;<\/strong>: flott und spritzig mit Zugabe <strong>&#8222;Konfetti Am Arsch&#8220;<\/strong> &#8211; top!!!<br \/>Anschlie\u00dfend unser Auftritt mit Funkedanz 1.0, La Paloma und Vorjahres-Tanz &#8222;Alle Mann en et Hallebad&#8220; als Zugabe.<br \/>Schlie\u00dflich haben wir gemeinsam mit dem bunten und munteren Publikum den aktuellen Chart-Hit <strong>&#8222;Karnevalsmaus&#8220; (von Druckluft, 2026)<\/strong> gesungen &#8211; Bravo!<\/p>\n<p>Ja das wars! Nein! &#8211; Nicht ganz: Unser Josef hatte aufm Funkedanz seinen 71-ten Geburtstag &#8211; da haben wir ihn mit einem St\u00e4ndchen auf der B\u00fchne \u00fcberrascht &#8211; und zum Geschenk eine speziell f\u00fcr ihn neu entworfene &#8218;Senats-Feinripp-Botz&#8216; (mit Goldkn\u00f6pp im Eingriff) und &#8217;nen Kranz Fl\u00f6nz (Blutwurst) \u00fcberreicht.<br \/>Aber wir hatten noch eine gro\u00dfe \u00dcberraschung f\u00fcr Josef: Sein j\u00fcngster Sohn Christian wurde auf der B\u00fchne vom &#8222;Jungfunker 1.Gen&#8220; Albert Junior zeremoniell als 22-ter \u00c4hrengardist aufgenommen (&#8222;wills&#8216; Du auf ewig&#8230;? &#8230;Ja ich will!&#8220; Und diesmal ganz ohne &#8218;rechtkr\u00e4ftigen Bierdeckelvertrag&#8216;).<br \/>Fein: So gibt&#8217;s ab demn\u00e4chxt bei den 11 Proben jeweils 2 K\u00e4sten Kaltgetr\u00e4nke gerecht aufgeteilt.<\/p>\n<p>Sonntag, 08.02.2026, dann endlich wieder den <strong>&#8222;Karnevalistischer Fr\u00fchschoppen&#8220; mit Werner im aegidium Wahn<\/strong>, unser Auftritt und traditionell gro\u00dfes Gruppenbild.<br \/>Montagabend, 09.02.2026, wie gewohnt auf der <strong>AZ-Sitzung in Porz-Urbach<\/strong> unser letzter Tanzauftritt,\u00a0 bevor es f\u00fcr den Rest der Woche in den Stra\u00dfenkarneval geht.<br \/>Samstag, auf Valentinstag, wieder als <strong>Eskorte beim Wahner Zoch<\/strong> in der Fu\u00df- und Rollstuhlgruppe des AZ Urbach.<br \/>Am <strong>Rosensonntags-Zoch in Porz<\/strong> am 15.02.2026 sind wir dieses Mal nicht als Teilnehmer, aber als starke Zuschauer-Truppe auf der Hauptstra\u00dfe am Stra\u00dfenrand, mit Ray und seinem ber\u00fchmten Catering-Bollerwagen &#8211; um die Jecken im Zoch mal alle in Aktion zu bejubeln.\u00a0\u00a0<\/p>\n<p>&nbsp;<\/p>\n\n\n<p><\/p>\n\n\n\n<p><\/p>\n","protected":false},"excerpt":{"rendered":"<p>BIOGRAPHIE der Auftritte Kurzinfo zur Entwicklung der \u00c4hrenjaade Porz Es hat ein bisschen gedauert, bis wir uns gefunden haben und das sind, was wir jetzt &hellip; <\/p>\n","protected":false},"author":1,"featured_media":0,"parent":0,"menu_order":0,"comment_status":"closed","ping_status":"closed","template":"","meta":{"footnotes":""},"class_list":["post-147","page","type-page","status-publish","hentry"],"_links":{"self":[{"href":"https:\/\/aehrenjaade-porz.de\/index.php?rest_route=\/wp\/v2\/pages\/147","targetHints":{"allow":["GET"]}}],"collection":[{"href":"https:\/\/aehrenjaade-porz.de\/index.php?rest_route=\/wp\/v2\/pages"}],"about":[{"href":"https:\/\/aehrenjaade-porz.de\/index.php?rest_route=\/wp\/v2\/types\/page"}],"author":[{"embeddable":true,"href":"https:\/\/aehrenjaade-porz.de\/index.php?rest_route=\/wp\/v2\/users\/1"}],"replies":[{"embeddable":true,"href":"https:\/\/aehrenjaade-porz.de\/index.php?rest_route=%2Fwp%2Fv2%2Fcomments&post=147"}],"version-history":[{"count":42,"href":"https:\/\/aehrenjaade-porz.de\/index.php?rest_route=\/wp\/v2\/pages\/147\/revisions"}],"predecessor-version":[{"id":838,"href":"https:\/\/aehrenjaade-porz.de\/index.php?rest_route=\/wp\/v2\/pages\/147\/revisions\/838"}],"wp:attachment":[{"href":"https:\/\/aehrenjaade-porz.de\/index.php?rest_route=%2Fwp%2Fv2%2Fmedia&parent=147"}],"curies":[{"name":"wp","href":"https:\/\/api.w.org\/{rel}","templated":true}]}}